{"id":2,"date":"2021-10-09T11:16:34","date_gmt":"2021-10-09T09:16:34","guid":{"rendered":"http:\/\/besancon-billard.fr\/?page_id=2"},"modified":"2026-04-28T17:08:34","modified_gmt":"2026-04-28T15:08:34","slug":"page-d-exemple","status":"publish","type":"page","link":"http:\/\/besancon-billard.fr\/","title":{"rendered":"Accueil"},"content":{"rendered":"\n<figure class=\"wp-block-image size-full\"><img loading=\"lazy\" decoding=\"async\" width=\"362\" height=\"50\" src=\"http:\/\/besancon-billard.fr\/wp-content\/uploads\/2021\/11\/logo_p.jpg\" alt=\"\" class=\"wp-image-114\" srcset=\"http:\/\/besancon-billard.fr\/wp-content\/uploads\/2021\/11\/logo_p.jpg 362w, http:\/\/besancon-billard.fr\/wp-content\/uploads\/2021\/11\/logo_p-300x41.jpg 300w\" sizes=\"auto, (max-width: 362px) 100vw, 362px\" \/><\/figure>\n\n\n\n<figure class=\"wp-block-image size-large\"><img loading=\"lazy\" decoding=\"async\" width=\"1024\" height=\"210\" src=\"http:\/\/besancon-billard.fr\/wp-content\/uploads\/2021\/10\/img_index-1024x210.jpg\" alt=\"\" class=\"wp-image-90\" srcset=\"http:\/\/besancon-billard.fr\/wp-content\/uploads\/2021\/10\/img_index-1024x210.jpg 1024w, http:\/\/besancon-billard.fr\/wp-content\/uploads\/2021\/10\/img_index-300x61.jpg 300w, http:\/\/besancon-billard.fr\/wp-content\/uploads\/2021\/10\/img_index-768x157.jpg 768w, http:\/\/besancon-billard.fr\/wp-content\/uploads\/2021\/10\/img_index-1536x314.jpg 1536w, http:\/\/besancon-billard.fr\/wp-content\/uploads\/2021\/10\/img_index.jpg 1916w\" sizes=\"auto, (max-width: 1024px) 100vw, 1024px\" \/><\/figure>\n\n\n\n<p class=\"has-vivid-green-cyan-color has-text-color has-link-color has-medium-font-size wp-elements-074f5fc833f6752c3f67e40d0dcfb529\"><em><strong>Derni\u00e8res actualit\u00e9s<\/strong><\/em><\/p>\n\n\n\n<p class=\"has-vivid-cyan-blue-color has-text-color has-link-color wp-elements-b3b82d103084746bcb6a137a86fcbcec\"><strong><em>28 avril 2026<\/em><\/strong><\/p>\n\n\n\n<p>Nouveaut\u00e9 : une section \u00ab\u00a0vid\u00e9o de beaux points de 3 bandes\u00a0\u00bb dans le menu \u00ab\u00a0Galerie\u00a0\u00bb \ud83d\ude42<\/p>\n\n\n\n<p>Envoyez-nous les v\u00f4tres !<\/p>\n\n\n\n<hr class=\"wp-block-separator has-alpha-channel-opacity\"\/>\n\n\n\n<p class=\"has-vivid-cyan-blue-color has-text-color has-link-color wp-elements-d81aa42070ddebb2adc2f60e21b18bca\"><strong><em>23 f\u00e9vrier 2026<\/em><\/strong><\/p>\n\n\n\n<p>Le club BESAN\u00c7ON BILLARD a la douleur de vous faire part du d\u00e9c\u00e8s de son Pr\u00e9sident, Jean-Pierre Massardier, hier dimanche 22 f\u00e9vrier 2026, \u00e0 l&rsquo;\u00e2ge de 70 ans.<br>Il luttait depuis des mois contre une grave maladie, qui l&rsquo;a finalement emport\u00e9.<br>Jean-Pierre \u00e9tait un homme droit, actif, s\u00e9rieux dans tout ce qu&rsquo;il entreprenait. Nous perdons un ami pr\u00e9cieux et un comp\u00e9titeur brillant.<\/p>\n\n\n\n<p>Toutes nos condol\u00e9ances \u00e0 sa famille et \u00e0 ses proches.<\/p>\n\n\n<div class=\"wp-block-image\">\n<figure class=\"aligncenter size-large is-resized\"><img loading=\"lazy\" decoding=\"async\" width=\"731\" height=\"1024\" src=\"http:\/\/besancon-billard.fr\/wp-content\/uploads\/2026\/02\/jpm-731x1024.jpg\" alt=\"\" class=\"wp-image-497\" style=\"aspect-ratio:0.7138729692606451;width:346px;height:auto\" srcset=\"http:\/\/besancon-billard.fr\/wp-content\/uploads\/2026\/02\/jpm-731x1024.jpg 731w, http:\/\/besancon-billard.fr\/wp-content\/uploads\/2026\/02\/jpm-214x300.jpg 214w, http:\/\/besancon-billard.fr\/wp-content\/uploads\/2026\/02\/jpm-768x1076.jpg 768w, http:\/\/besancon-billard.fr\/wp-content\/uploads\/2026\/02\/jpm.jpg 808w\" sizes=\"auto, (max-width: 731px) 100vw, 731px\" \/><\/figure>\n<\/div>\n\n\n<hr class=\"wp-block-separator has-alpha-channel-opacity\"\/>\n\n\n\n<p class=\"has-vivid-cyan-blue-color has-text-color has-link-color wp-elements-9141dfae2190b3cd02e5392d92c4f391\"><strong><em>1er janvier 2026<\/em><\/strong><\/p>\n\n\n\n<p>Le club BESAN\u00c7ON BILLARD souhaite une excellente ann\u00e9e 2026 \u00e0 toutes celles et tous ceux qui consultent ce site ! Sant\u00e9, bonheur, et s\u00e9ries de 100 au 3 bandes ! \ud83d\ude02  Portez-vous bien et au plaisir de vous voir au club.<\/p>\n\n\n\n<p class=\"has-vivid-cyan-blue-color has-text-color has-link-color wp-elements-b47032699c251d6799c3bdd9edd7fdd9\"><strong><em>28 novembre 2025<\/em><\/strong><\/p>\n\n\n\n<p>Suite \u00e0 l&rsquo;installation de la fibre, merci de bien vouloir noter notre nouveau num\u00e9ro de t\u00e9l\u00e9phone :<\/p>\n\n\n\n<p class=\"has-medium-font-size\"><strong><em>03 54 42 38 74<\/em><\/strong><\/p>\n\n\n\n<figure class=\"wp-block-image size-full\"><img loading=\"lazy\" decoding=\"async\" width=\"100\" height=\"82\" src=\"http:\/\/besancon-billard.fr\/wp-content\/uploads\/2025\/11\/Telephone-ancien-petit.jpg\" alt=\"\" class=\"wp-image-477\"\/><\/figure>\n\n\n\n<p>Bonne soir\u00e9e !<\/p>\n\n\n\n<hr class=\"wp-block-separator has-alpha-channel-opacity\"\/>\n\n\n\n<p class=\"has-vivid-cyan-blue-color has-text-color has-link-color wp-elements-7277e9607e44242656e02c88dc7c7a78\"><strong><em>25 octobre 2025<\/em><\/strong><\/p>\n\n\n\n<p>La saison 2025-2026 est lanc\u00e9e ! D\u00e9j\u00e0 de nouvelles comp\u00e9titions, une nouvelle membre au club, une assembl\u00e9e g\u00e9n\u00e9rale o\u00f9 nous avons d\u00e9fini les objectifs : recruter des jeunes, animer le club, organiser des comp\u00e9titions r\u00e9gionales, en bref, \u0153uvrer pour notre sport favori !<\/p>\n\n\n\n<p>Une nouveaut\u00e9 : vous trouverez \u00e0 la fin du menu \u00ab\u00a0Contact\u00a0\u00bb un lien donnant acc\u00e8s \u00e0 toutes les coordonn\u00e9es des clubs de billard de Bourgogne Franche-Comt\u00e9.<\/p>\n\n\n\n<p><\/p>\n\n\n\n<hr class=\"wp-block-separator has-alpha-channel-opacity\"\/>\n\n\n\n<p class=\"has-vivid-cyan-blue-color has-text-color has-link-color wp-elements-02ddecdd019401435f8c1b64810c0c4e\"><em><strong>29 juin 2025<\/strong><\/em><\/p>\n\n\n\n<p>Nouvelles du club \ud83d\ude42<\/p>\n\n\n\n<p>Avant la p\u00e9riode estivale, nous nous sommes r\u00e9unis ce mardi 24 juin pour \u00e9changer quelques informations et bilans de cette saison sportive 2024-2025. En voici l&rsquo;essentiel.<\/p>\n\n\n\n<p>Bilan sportif<\/p>\n\n\n\n<p>Jean-Pierre MASSARDIER est champion du District C au Cadre N3 et au 3 Bandes N2<br>Jean-Pierre MASSARDIER est champion de Ligue au Cadre N3<br>Pascal SCHREPF est champion du District C \u00e0 la Bande N3<br>Bravo \u00e0 eux !<\/p>\n\n\n\n<p>Bilan financier<\/p>\n\n\n\n<p>Le club se porte bien mais l&rsquo;augmentation des tarifs EDF et la diminution des subventions nous am\u00e8nent \u00e0 augmenter l\u00e9g\u00e8rement le prix du forfait annuel (350 euros au lieu de 320).<\/p>\n\n\n\n<p>Questions diverses<\/p>\n\n\n\n<p>Deux tournois permanents avec handicap seront organis\u00e9s la saison prochaine, cat\u00e9gorie Libre et 3 bandes.<br>Des actions pour recruter de nouveaux membres seront engag\u00e9es, particuli\u00e8rement pour les jeunes et les f\u00e9minines.<br>Pascal SCHREPF continuera ses actions de formation, initiation et perfectionnement, le mercredi.<\/p>\n\n\n\n<p>Bonnes vacances \u00e0 toutes et \u00e0 tous !<\/p>\n\n\n\n<hr class=\"wp-block-separator has-alpha-channel-opacity\"\/>\n\n\n\n<p class=\"has-vivid-cyan-blue-color has-text-color has-link-color wp-elements-932f0ac350c1793cdc4ba32ff42af78d\"><strong><em>23 f\u00e9vrier 2025<\/em><\/strong><\/p>\n\n\n\n<p>Bonjour \u00e0 toutes et \u00e0 tous,<\/p>\n\n\n\n<p>Sympathique comp\u00e9tition ce dimanche au club : finale de Ligue N3 cadre 47\/2. Du beau jeu, de belles parties pleines de suspense <img loading=\"lazy\" decoding=\"async\" height=\"16\" width=\"16\" src=\"https:\/\/static.xx.fbcdn.net\/images\/emoji.php\/v9\/t4c\/1\/16\/1f642.png\" alt=\"\ud83d\ude42\">. Bravo \u00e0 S\u00e9bastien Lequ\u00e9 qui part en finale de France, les 3 autres comp\u00e9titeurs n&rsquo;ayant pas d\u00e9m\u00e9rit\u00e9 ! <img loading=\"lazy\" decoding=\"async\" height=\"16\" width=\"16\" src=\"https:\/\/static.xx.fbcdn.net\/images\/emoji.php\/v9\/t4c\/1\/16\/1f642.png\" alt=\"\ud83d\ude42\"><\/p>\n\n\n\n<p>Sur la photo, de gauche \u00e0 droite : au premier plan : Michel Michot, arbitre &#8211; Jean-Pierre Massardier, joueur &#8211; S\u00e9bastien Lequ\u00e9, joueur, David Manonni, joueur. A l&rsquo;arri\u00e8re plan : S\u00e9bastien Boetsch, marqueur <a><\/a>&#8211; Yannick Cl\u00e9ment, arbitre. Merci \u00e0 tous !<\/p>\n\n\n\n<figure class=\"wp-block-gallery has-nested-images columns-default is-cropped wp-block-gallery-1 is-layout-flex wp-block-gallery-is-layout-flex\">\n<figure class=\"wp-block-image size-large\"><img loading=\"lazy\" decoding=\"async\" width=\"1024\" height=\"768\" data-id=\"446\" src=\"http:\/\/besancon-billard.fr\/wp-content\/uploads\/2025\/02\/01-1024x768.jpg\" alt=\"\" class=\"wp-image-446\" srcset=\"http:\/\/besancon-billard.fr\/wp-content\/uploads\/2025\/02\/01-1024x768.jpg 1024w, http:\/\/besancon-billard.fr\/wp-content\/uploads\/2025\/02\/01-300x225.jpg 300w, http:\/\/besancon-billard.fr\/wp-content\/uploads\/2025\/02\/01-768x576.jpg 768w, http:\/\/besancon-billard.fr\/wp-content\/uploads\/2025\/02\/01-1536x1152.jpg 1536w, http:\/\/besancon-billard.fr\/wp-content\/uploads\/2025\/02\/01-2048x1536.jpg 2048w\" sizes=\"auto, (max-width: 1024px) 100vw, 1024px\" \/><\/figure>\n\n\n\n<figure class=\"wp-block-image size-large\"><img loading=\"lazy\" decoding=\"async\" width=\"702\" height=\"481\" data-id=\"445\" src=\"http:\/\/besancon-billard.fr\/wp-content\/uploads\/2025\/02\/feuille.jpg\" alt=\"\" class=\"wp-image-445\" srcset=\"http:\/\/besancon-billard.fr\/wp-content\/uploads\/2025\/02\/feuille.jpg 702w, http:\/\/besancon-billard.fr\/wp-content\/uploads\/2025\/02\/feuille-300x206.jpg 300w\" sizes=\"auto, (max-width: 702px) 100vw, 702px\" \/><\/figure>\n<\/figure>\n\n\n\n<hr class=\"wp-block-separator has-alpha-channel-opacity\"\/>\n\n\n\n<p class=\"has-vivid-cyan-blue-color has-text-color has-link-color wp-elements-c0006a263a30a919a5c23c0e23898411\"><strong><em>1er janvier 2025<\/em><\/strong><\/p>\n\n\n\n<figure class=\"wp-block-image size-full\"><img loading=\"lazy\" decoding=\"async\" width=\"600\" height=\"517\" src=\"http:\/\/besancon-billard.fr\/wp-content\/uploads\/2025\/01\/ba2025-billard.jpg\" alt=\"\" class=\"wp-image-439\" srcset=\"http:\/\/besancon-billard.fr\/wp-content\/uploads\/2025\/01\/ba2025-billard.jpg 600w, http:\/\/besancon-billard.fr\/wp-content\/uploads\/2025\/01\/ba2025-billard-300x259.jpg 300w\" sizes=\"auto, (max-width: 600px) 100vw, 600px\" \/><\/figure>\n\n\n\n<hr class=\"wp-block-separator has-alpha-channel-opacity\"\/>\n\n\n\n<p class=\"has-vivid-cyan-blue-color has-text-color has-link-color wp-elements-45de89f4a45476f427ba3452c63fe0aa\"><strong><em>24 d\u00e9cembre 2024<\/em><\/strong><\/p>\n\n\n\n<p>Nous vous souhaitons de tr\u00e8s belles f\u00eates de fin d&rsquo;ann\u00e9e &#8230; pourquoi pas autour d&rsquo;un billard !<\/p>\n\n\n<div class=\"wp-block-image\">\n<figure class=\"aligncenter size-full\"><img loading=\"lazy\" decoding=\"async\" width=\"300\" height=\"225\" src=\"http:\/\/besancon-billard.fr\/wp-content\/uploads\/2024\/12\/bonnes-fetes-billard.jpg\" alt=\"\" class=\"wp-image-435\"\/><\/figure>\n<\/div>\n\n\n<p><\/p>\n\n\n\n<hr class=\"wp-block-separator has-alpha-channel-opacity\"\/>\n\n\n\n<p class=\"has-vivid-cyan-blue-color has-text-color has-link-color wp-elements-0b470d09c700e49e06a1b3289a25ab64\"><strong><em>7 d\u00e9cembre 2024<\/em><\/strong><\/p>\n\n\n\n<p>Et voil\u00e0 ! Nos deux journ\u00e9es \u00ab\u00a0portes ouvertes\u00a0\u00bb se sont parfaitement d\u00e9roul\u00e9es. De nombreuses personnes, hommes, femmes et couples, sont venues s&rsquo;initier au billard fran\u00e7ais, regardant des d\u00e9monstrations et s&rsquo;essayant, certains pour la premi\u00e8re fois, \u00e0 la manipulation du mat\u00e9riel, queue, billes et bandes, sous les conseils de nos joueurs chevronn\u00e9s ! Et tout cela dans une ambiance \u00e9videmment tr\u00e8s sympathique.<\/p>\n\n\n\n<p>Cinq nouveaux membres viendront d&rsquo;ores et d\u00e9j\u00e0 enrichir notre effectif, bienvenue \u00e0 eux !<\/p>\n\n\n\n<p>L&rsquo;exp\u00e9rience est \u00e0 renouveler, particuli\u00e8rement aupr\u00e8s des jeunes.<\/p>\n\n\n\n<figure class=\"wp-block-gallery has-nested-images columns-default is-cropped wp-block-gallery-2 is-layout-flex wp-block-gallery-is-layout-flex\">\n<figure class=\"wp-block-image size-large\"><img loading=\"lazy\" decoding=\"async\" width=\"1024\" height=\"768\" data-id=\"424\" src=\"http:\/\/besancon-billard.fr\/wp-content\/uploads\/2024\/12\/IMG_0016-1024x768.jpg\" alt=\"\" class=\"wp-image-424\" srcset=\"http:\/\/besancon-billard.fr\/wp-content\/uploads\/2024\/12\/IMG_0016-1024x768.jpg 1024w, http:\/\/besancon-billard.fr\/wp-content\/uploads\/2024\/12\/IMG_0016-300x225.jpg 300w, http:\/\/besancon-billard.fr\/wp-content\/uploads\/2024\/12\/IMG_0016-768x576.jpg 768w, http:\/\/besancon-billard.fr\/wp-content\/uploads\/2024\/12\/IMG_0016-1536x1152.jpg 1536w, http:\/\/besancon-billard.fr\/wp-content\/uploads\/2024\/12\/IMG_0016-2048x1536.jpg 2048w\" sizes=\"auto, (max-width: 1024px) 100vw, 1024px\" \/><\/figure>\n\n\n\n<figure class=\"wp-block-image size-large\"><img loading=\"lazy\" decoding=\"async\" width=\"1024\" height=\"768\" data-id=\"425\" src=\"http:\/\/besancon-billard.fr\/wp-content\/uploads\/2024\/12\/IMG_0015-1024x768.jpg\" alt=\"\" class=\"wp-image-425\" srcset=\"http:\/\/besancon-billard.fr\/wp-content\/uploads\/2024\/12\/IMG_0015-1024x768.jpg 1024w, http:\/\/besancon-billard.fr\/wp-content\/uploads\/2024\/12\/IMG_0015-300x225.jpg 300w, http:\/\/besancon-billard.fr\/wp-content\/uploads\/2024\/12\/IMG_0015-768x576.jpg 768w, http:\/\/besancon-billard.fr\/wp-content\/uploads\/2024\/12\/IMG_0015-1536x1152.jpg 1536w, http:\/\/besancon-billard.fr\/wp-content\/uploads\/2024\/12\/IMG_0015-2048x1536.jpg 2048w\" sizes=\"auto, (max-width: 1024px) 100vw, 1024px\" \/><\/figure>\n\n\n\n<figure class=\"wp-block-image size-large\"><img loading=\"lazy\" decoding=\"async\" width=\"1024\" height=\"768\" data-id=\"426\" src=\"http:\/\/besancon-billard.fr\/wp-content\/uploads\/2024\/12\/IMG_0014-1024x768.jpg\" alt=\"\" class=\"wp-image-426\" srcset=\"http:\/\/besancon-billard.fr\/wp-content\/uploads\/2024\/12\/IMG_0014-1024x768.jpg 1024w, http:\/\/besancon-billard.fr\/wp-content\/uploads\/2024\/12\/IMG_0014-300x225.jpg 300w, http:\/\/besancon-billard.fr\/wp-content\/uploads\/2024\/12\/IMG_0014-768x576.jpg 768w, http:\/\/besancon-billard.fr\/wp-content\/uploads\/2024\/12\/IMG_0014-1536x1152.jpg 1536w, http:\/\/besancon-billard.fr\/wp-content\/uploads\/2024\/12\/IMG_0014-2048x1536.jpg 2048w\" sizes=\"auto, (max-width: 1024px) 100vw, 1024px\" \/><\/figure>\n\n\n\n<figure class=\"wp-block-image size-large\"><img loading=\"lazy\" decoding=\"async\" width=\"1024\" height=\"768\" data-id=\"427\" src=\"http:\/\/besancon-billard.fr\/wp-content\/uploads\/2024\/12\/IMG_0013-1024x768.jpg\" alt=\"\" class=\"wp-image-427\" srcset=\"http:\/\/besancon-billard.fr\/wp-content\/uploads\/2024\/12\/IMG_0013-1024x768.jpg 1024w, http:\/\/besancon-billard.fr\/wp-content\/uploads\/2024\/12\/IMG_0013-300x225.jpg 300w, http:\/\/besancon-billard.fr\/wp-content\/uploads\/2024\/12\/IMG_0013-768x576.jpg 768w, http:\/\/besancon-billard.fr\/wp-content\/uploads\/2024\/12\/IMG_0013-1536x1152.jpg 1536w, http:\/\/besancon-billard.fr\/wp-content\/uploads\/2024\/12\/IMG_0013-2048x1536.jpg 2048w\" sizes=\"auto, (max-width: 1024px) 100vw, 1024px\" \/><\/figure>\n\n\n\n<figure class=\"wp-block-image size-large\"><img loading=\"lazy\" decoding=\"async\" width=\"1024\" height=\"768\" data-id=\"428\" src=\"http:\/\/besancon-billard.fr\/wp-content\/uploads\/2024\/12\/IMG_0012-1024x768.jpg\" alt=\"\" class=\"wp-image-428\" srcset=\"http:\/\/besancon-billard.fr\/wp-content\/uploads\/2024\/12\/IMG_0012-1024x768.jpg 1024w, http:\/\/besancon-billard.fr\/wp-content\/uploads\/2024\/12\/IMG_0012-300x225.jpg 300w, http:\/\/besancon-billard.fr\/wp-content\/uploads\/2024\/12\/IMG_0012-768x576.jpg 768w, http:\/\/besancon-billard.fr\/wp-content\/uploads\/2024\/12\/IMG_0012-1536x1152.jpg 1536w, http:\/\/besancon-billard.fr\/wp-content\/uploads\/2024\/12\/IMG_0012-2048x1536.jpg 2048w\" sizes=\"auto, (max-width: 1024px) 100vw, 1024px\" \/><\/figure>\n<\/figure>\n\n\n\n<hr class=\"wp-block-separator has-alpha-channel-opacity\"\/>\n\n\n\n<p class=\"has-vivid-cyan-blue-color has-text-color has-link-color wp-elements-a46a882aef5f5fe65da60db49533a197\"><strong><em>26 novembre 2024<\/em><\/strong><\/p>\n\n\n\n<p>L&rsquo;Est R\u00e9publicain nous fait l&rsquo;honneur d&rsquo;un sympathique article concernant notre club et nos deux journ\u00e9es de d\u00e9couverte, 4 et 7 d\u00e9cembre 2024. Nous esp\u00e9rons bien s\u00fbr une foule de curieux et d&rsquo;int\u00e9ress\u00e9s par ce sport !<\/p>\n\n\n\n<p><a href=\"https:\/\/www.estrepublicain.fr\/edition-besancon\">https:\/\/www.estrepublicain.fr\/edition-besancon<\/a><\/p>\n\n\n<div class=\"wp-block-image\">\n<figure class=\"aligncenter size-large\"><img loading=\"lazy\" decoding=\"async\" width=\"583\" height=\"1024\" src=\"http:\/\/besancon-billard.fr\/wp-content\/uploads\/2024\/11\/article-er-583x1024.jpg\" alt=\"\" class=\"wp-image-417\" srcset=\"http:\/\/besancon-billard.fr\/wp-content\/uploads\/2024\/11\/article-er-583x1024.jpg 583w, http:\/\/besancon-billard.fr\/wp-content\/uploads\/2024\/11\/article-er-171x300.jpg 171w, http:\/\/besancon-billard.fr\/wp-content\/uploads\/2024\/11\/article-er-768x1349.jpg 768w, http:\/\/besancon-billard.fr\/wp-content\/uploads\/2024\/11\/article-er-874x1536.jpg 874w, http:\/\/besancon-billard.fr\/wp-content\/uploads\/2024\/11\/article-er.jpg 1084w\" sizes=\"auto, (max-width: 583px) 100vw, 583px\" \/><\/figure>\n<\/div>\n\n\n<hr class=\"wp-block-separator has-alpha-channel-opacity\"\/>\n\n\n\n<p class=\"has-vivid-cyan-blue-color has-text-color has-link-color wp-elements-ad86d5a7522b3ec5cf8b317452e13984\"><strong><em>31 octobre 2024<\/em><\/strong><\/p>\n\n\n\n<p>Nous avons la joie de vous informer que notre club organise le mercredi 4 d\u00e9cembre 2024 et le samedi 7 d\u00e9cembre 2024 une op\u00e9ration \u00ab\u00a0D\u00e9couverte du billard\u00a0\u00bb, ouverte \u00e0 toutes et \u00e0 tous ! Tous les renseignements sur l&rsquo;affiche ci-dessous ! Au plaisir de vous y rencontrer !<\/p>\n\n\n<div class=\"wp-block-image\">\n<figure class=\"aligncenter size-full\"><img loading=\"lazy\" decoding=\"async\" width=\"514\" height=\"765\" src=\"http:\/\/besancon-billard.fr\/wp-content\/uploads\/2024\/10\/affiche-JPO-2024-1.jpg\" alt=\"\" class=\"wp-image-381\" srcset=\"http:\/\/besancon-billard.fr\/wp-content\/uploads\/2024\/10\/affiche-JPO-2024-1.jpg 514w, http:\/\/besancon-billard.fr\/wp-content\/uploads\/2024\/10\/affiche-JPO-2024-1-202x300.jpg 202w\" sizes=\"auto, (max-width: 514px) 100vw, 514px\" \/><\/figure>\n<\/div>\n\n\n<hr class=\"wp-block-separator has-alpha-channel-opacity\"\/>\n\n\n\n<p class=\"has-vivid-cyan-blue-color has-text-color has-link-color wp-elements-f855809c96964848dda95b927a6638fe\"><strong>15 mai 2024<\/strong><\/p>\n\n\n\n<p>Bonjour \u00e0 toutes et \u00e0 tous.<\/p>\n\n\n\n<p class=\"has-black-color has-text-color has-link-color wp-elements-1e26b5bed6a6161e8f8a525da3511735\">Pas mal d&rsquo;actualit\u00e9s ces temps-ci !<\/p>\n\n\n\n<ol class=\"wp-block-list\">\n<li>Tout d&rsquo;abord les brillants r\u00e9sultats de nos deux joueurs Pascal SCHREPF et Jean-Pierre MASSARDIER (notre pr\u00e9sident), qualifi\u00e9s tous les deux pour les <strong><em>finales de France<\/em><\/strong> de 3 bandes N2 et N3, apr\u00e8s leurs r\u00e9centes comp\u00e9titions dont les r\u00e9sultats sont report\u00e9s ci-dessous. Bravo \u00e0 eux ! \ud83d\udc4d<\/li>\n<\/ol>\n\n\n\n<figure class=\"wp-block-image size-full\"><img loading=\"lazy\" decoding=\"async\" width=\"800\" height=\"605\" src=\"http:\/\/besancon-billard.fr\/wp-content\/uploads\/2024\/05\/champions-2024.jpg\" alt=\"\" class=\"wp-image-357\" srcset=\"http:\/\/besancon-billard.fr\/wp-content\/uploads\/2024\/05\/champions-2024.jpg 800w, http:\/\/besancon-billard.fr\/wp-content\/uploads\/2024\/05\/champions-2024-300x227.jpg 300w, http:\/\/besancon-billard.fr\/wp-content\/uploads\/2024\/05\/champions-2024-768x581.jpg 768w\" sizes=\"auto, (max-width: 800px) 100vw, 800px\" \/><\/figure>\n\n\n\n<p>Ces finales se d\u00e9roulaient dimanche 5 mai 2024 et voici les feuilles de match correspondantes :<\/p>\n\n\n\n<figure class=\"wp-block-image size-full\"><img loading=\"lazy\" decoding=\"async\" width=\"800\" height=\"600\" src=\"http:\/\/besancon-billard.fr\/wp-content\/uploads\/2024\/05\/Finale-Ligue-3B-N2-05-05-2024.jpg\" alt=\"\" class=\"wp-image-358\" srcset=\"http:\/\/besancon-billard.fr\/wp-content\/uploads\/2024\/05\/Finale-Ligue-3B-N2-05-05-2024.jpg 800w, http:\/\/besancon-billard.fr\/wp-content\/uploads\/2024\/05\/Finale-Ligue-3B-N2-05-05-2024-300x225.jpg 300w, http:\/\/besancon-billard.fr\/wp-content\/uploads\/2024\/05\/Finale-Ligue-3B-N2-05-05-2024-768x576.jpg 768w\" sizes=\"auto, (max-width: 800px) 100vw, 800px\" \/><\/figure>\n\n\n\n<figure class=\"wp-block-image size-full is-resized\"><img loading=\"lazy\" decoding=\"async\" width=\"800\" height=\"600\" src=\"http:\/\/besancon-billard.fr\/wp-content\/uploads\/2024\/05\/Finale-Ligue-3B-N3-05-05-2024.jpg\" alt=\"\" class=\"wp-image-359\" style=\"width:840px;height:auto\" srcset=\"http:\/\/besancon-billard.fr\/wp-content\/uploads\/2024\/05\/Finale-Ligue-3B-N3-05-05-2024.jpg 800w, http:\/\/besancon-billard.fr\/wp-content\/uploads\/2024\/05\/Finale-Ligue-3B-N3-05-05-2024-300x225.jpg 300w, http:\/\/besancon-billard.fr\/wp-content\/uploads\/2024\/05\/Finale-Ligue-3B-N3-05-05-2024-768x576.jpg 768w\" sizes=\"auto, (max-width: 800px) 100vw, 800px\" \/><\/figure>\n\n\n\n<p>Souhaitons-leur une belle r\u00e9ussite pour les finales de France.<\/p>\n\n\n\n<p>2) Nous organisions hier vendredi 17 mai 2024 au club un tournoi interne de 3 bandes avec handicap sur demi-distance, et ce tournoi a \u00e9t\u00e9 remport\u00e9 par Jean-Pierre, tr\u00e8s en forme ces temps-ci, devant S\u00e9bastien BOETSCH . Bravo \u00e0 eux. 12 membres du club \u00e9taient pr\u00e9sents pour encourager les 8 joueurs inscrits et pour participer au pot de l&rsquo;amiti\u00e9 qui a suivi.<\/p>\n\n\n\n<figure class=\"wp-block-gallery has-nested-images columns-default is-cropped wp-block-gallery-3 is-layout-flex wp-block-gallery-is-layout-flex\">\n<figure class=\"wp-block-image size-large\"><img loading=\"lazy\" decoding=\"async\" width=\"1024\" height=\"768\" data-id=\"362\" src=\"http:\/\/besancon-billard.fr\/wp-content\/uploads\/2024\/05\/Pot-tournoi-3B-17-05-2024-01-1024x768.jpg\" alt=\"\" class=\"wp-image-362\" srcset=\"http:\/\/besancon-billard.fr\/wp-content\/uploads\/2024\/05\/Pot-tournoi-3B-17-05-2024-01-1024x768.jpg 1024w, http:\/\/besancon-billard.fr\/wp-content\/uploads\/2024\/05\/Pot-tournoi-3B-17-05-2024-01-300x225.jpg 300w, http:\/\/besancon-billard.fr\/wp-content\/uploads\/2024\/05\/Pot-tournoi-3B-17-05-2024-01-768x576.jpg 768w, http:\/\/besancon-billard.fr\/wp-content\/uploads\/2024\/05\/Pot-tournoi-3B-17-05-2024-01-1536x1152.jpg 1536w, http:\/\/besancon-billard.fr\/wp-content\/uploads\/2024\/05\/Pot-tournoi-3B-17-05-2024-01.jpg 1600w\" sizes=\"auto, (max-width: 1024px) 100vw, 1024px\" \/><\/figure>\n\n\n\n<figure class=\"wp-block-image size-large\"><img loading=\"lazy\" decoding=\"async\" width=\"1024\" height=\"768\" data-id=\"363\" src=\"http:\/\/besancon-billard.fr\/wp-content\/uploads\/2024\/05\/Pot-tournoi-3B-17-05-2024-02-1024x768.jpg\" alt=\"\" class=\"wp-image-363\" srcset=\"http:\/\/besancon-billard.fr\/wp-content\/uploads\/2024\/05\/Pot-tournoi-3B-17-05-2024-02-1024x768.jpg 1024w, http:\/\/besancon-billard.fr\/wp-content\/uploads\/2024\/05\/Pot-tournoi-3B-17-05-2024-02-300x225.jpg 300w, http:\/\/besancon-billard.fr\/wp-content\/uploads\/2024\/05\/Pot-tournoi-3B-17-05-2024-02-768x576.jpg 768w, http:\/\/besancon-billard.fr\/wp-content\/uploads\/2024\/05\/Pot-tournoi-3B-17-05-2024-02-1536x1152.jpg 1536w, http:\/\/besancon-billard.fr\/wp-content\/uploads\/2024\/05\/Pot-tournoi-3B-17-05-2024-02.jpg 1600w\" sizes=\"auto, (max-width: 1024px) 100vw, 1024px\" \/><\/figure>\n\n\n\n<figure class=\"wp-block-image size-large\"><img loading=\"lazy\" decoding=\"async\" width=\"1024\" height=\"768\" data-id=\"365\" src=\"http:\/\/besancon-billard.fr\/wp-content\/uploads\/2024\/05\/JP-et-Seb-17-05-2024-01-1-1024x768.jpg\" alt=\"\" class=\"wp-image-365\" srcset=\"http:\/\/besancon-billard.fr\/wp-content\/uploads\/2024\/05\/JP-et-Seb-17-05-2024-01-1-1024x768.jpg 1024w, http:\/\/besancon-billard.fr\/wp-content\/uploads\/2024\/05\/JP-et-Seb-17-05-2024-01-1-300x225.jpg 300w, http:\/\/besancon-billard.fr\/wp-content\/uploads\/2024\/05\/JP-et-Seb-17-05-2024-01-1-768x576.jpg 768w, http:\/\/besancon-billard.fr\/wp-content\/uploads\/2024\/05\/JP-et-Seb-17-05-2024-01-1-1536x1152.jpg 1536w, http:\/\/besancon-billard.fr\/wp-content\/uploads\/2024\/05\/JP-et-Seb-17-05-2024-01-1.jpg 1600w\" sizes=\"auto, (max-width: 1024px) 100vw, 1024px\" \/><\/figure>\n\n\n\n<figure class=\"wp-block-image size-large\"><img loading=\"lazy\" decoding=\"async\" width=\"1024\" height=\"768\" data-id=\"364\" src=\"http:\/\/besancon-billard.fr\/wp-content\/uploads\/2024\/05\/JP-et-Seb-17-05-2024-02-1-1024x768.jpg\" alt=\"\" class=\"wp-image-364\" srcset=\"http:\/\/besancon-billard.fr\/wp-content\/uploads\/2024\/05\/JP-et-Seb-17-05-2024-02-1-1024x768.jpg 1024w, http:\/\/besancon-billard.fr\/wp-content\/uploads\/2024\/05\/JP-et-Seb-17-05-2024-02-1-300x225.jpg 300w, http:\/\/besancon-billard.fr\/wp-content\/uploads\/2024\/05\/JP-et-Seb-17-05-2024-02-1-768x576.jpg 768w, http:\/\/besancon-billard.fr\/wp-content\/uploads\/2024\/05\/JP-et-Seb-17-05-2024-02-1-1536x1152.jpg 1536w, http:\/\/besancon-billard.fr\/wp-content\/uploads\/2024\/05\/JP-et-Seb-17-05-2024-02-1.jpg 1600w\" sizes=\"auto, (max-width: 1024px) 100vw, 1024px\" \/><\/figure>\n<\/figure>\n\n\n\n<hr class=\"wp-block-separator has-alpha-channel-opacity\"\/>\n\n\n\n<p class=\"has-vivid-cyan-blue-color has-text-color has-link-color has-medium-font-size wp-elements-9a349eee2502ac4c121507d20fccaee4\"><strong>1er f\u00e9vrier 2024<\/strong><\/p>\n\n\n\n<p>Notre club change de nom !<\/p>\n\n\n\n<p>Apr\u00e8s plusieurs ann\u00e9es de partenariat avec le PSB (Promo Sport Besan\u00e7on), nous avions acquis notre ind\u00e9pendance en 2019 mais conserv\u00e9 la d\u00e9nomination \u00ab\u00a0Billard PSB\u00a0\u00bb.<\/p>\n\n\n\n<p>Apr\u00e8s une formalit\u00e9 en Pr\u00e9fecture, nous nous appelons d\u00e9sormais \u00ab\u00a0BESAN\u00c7ON BILLARD\u00a0\u00bb, ce qui est plus significatif.<\/p>\n\n\n\n<figure class=\"wp-block-image size-full\"><img loading=\"lazy\" decoding=\"async\" width=\"100\" height=\"137\" src=\"http:\/\/besancon-billard.fr\/wp-content\/uploads\/2024\/02\/new-logo-adresse-100x137-1.jpg\" alt=\"\" class=\"wp-image-353\"\/><\/figure>\n\n\n\n<hr class=\"wp-block-separator has-alpha-channel-opacity\"\/>\n\n\n\n<p class=\"has-vivid-cyan-blue-color has-text-color\" style=\"font-size:20px\"><strong>1er janvier 2024<\/strong><\/p>\n\n\n\n<figure class=\"wp-block-image size-full is-resized\"><img loading=\"lazy\" decoding=\"async\" width=\"510\" height=\"317\" src=\"http:\/\/besancon-billard.fr\/wp-content\/uploads\/2024\/01\/ba-2024-billard.jpg\" alt=\"\" class=\"wp-image-348\" style=\"width:682px;height:auto\" srcset=\"http:\/\/besancon-billard.fr\/wp-content\/uploads\/2024\/01\/ba-2024-billard.jpg 510w, http:\/\/besancon-billard.fr\/wp-content\/uploads\/2024\/01\/ba-2024-billard-300x186.jpg 300w\" sizes=\"auto, (max-width: 510px) 100vw, 510px\" \/><\/figure>\n\n\n\n<hr class=\"wp-block-separator has-alpha-channel-opacity\"\/>\n\n\n\n<p class=\"has-vivid-cyan-blue-color has-text-color\" style=\"font-size:20px\"><strong>06\/10\/2023<\/strong><\/p>\n\n\n\n<p>Bonjour \u00e0 toutes et \u00e0 tous,<\/p>\n\n\n\n<p>La saison 2023-2024 a commenc\u00e9, et nous nous sommes retrouv\u00e9s au club lors de notre Assembl\u00e9e G\u00e9n\u00e9rale annuelle, le 19 septembre 2023.<\/p>\n\n\n\n<p>17 membres \u00e9taient pr\u00e9sents (tout le monde en fait, plus 2 nouveaux membres). Le bureau et le Conseil d&rsquo;Administration ont \u00e9t\u00e9 r\u00e9\u00e9lus. Suite \u00e0 l&rsquo;augmentation des tarifs EDF, nous avons d\u00fb passer le tarif du forfait annuel de 230 \u00e0 250 euros, le prix de la licence (70 euros) restant inchang\u00e9. Le tarif horaire passe, lui, de 3 \u00e0 4 euros.<\/p>\n\n\n\n<p>Les tapis et les bandes des 3 billards ont \u00e9t\u00e9 chang\u00e9s en juillet. Les entra\u00eenements ont repris. Pascal Schrepf, notre formateur, sera pr\u00e9sent le mercredi de 15h \u00e0 18h30.<\/p>\n\n\n\n<p>Le challenge \u00ab\u00a0Louis Dromard\u00a0\u00bb aura lieu en cours de saison, comme l&rsquo;an dernier.<\/p>\n\n\n\n<p>Bonne saison \u00e0 tous !<\/p>\n\n\n\n<hr class=\"wp-block-separator has-alpha-channel-opacity\"\/>\n\n\n\n<p class=\"has-vivid-cyan-blue-color has-text-color\" style=\"font-size:20px\"><strong>06\/09\/2023<\/strong><\/p>\n\n\n\n<p>Information de la F\u00e9d\u00e9ration Fran\u00e7aise de Billard :<\/p>\n\n\n\n<p>CARAMBOLE &#8211; 3 BANDES &#8211; 75E CHAMPIONNAT DU MONDE INDIVIDUEL<\/p>\n\n\n\n<p>48 joueurs de 21 nations diff\u00e9rentes vont en d\u00e9coudre pendant 5 jours pour remporter le titre de champion du Monde individuel de 3 bandes \u00e0 Ankara (Turquie) du 06 au 10 septembre 2023.<\/p>\n\n\n\n<p>C\u00f4t\u00e9 Fran\u00e7ais, nos 2 repr\u00e9sentants seront J\u00e9r\u00e9my Bury et Gwendal Mar\u00e9chal, qui auront fort \u00e0 faire face \u00e0 tous ces adversaires plus forts les uns que les autres, mais nos 2 champions <a><\/a>sortent de tr\u00e8s bons r\u00e9sultats internationaux et auront \u00e0 c\u0153ur de nous offrir une belle Marseillaise dimanche soir. Tous nos v\u0153ux et nos soutiens les accompagnent ! Allez les bleus !<\/p>\n\n\n\n<p>Toutes les informations sont \u00e0 retrouver sur le site de l\u2019UMB :<\/p>\n\n\n\n<p><a href=\"https:\/\/www.umb-carom.org\/CM.aspx?id=344&amp;lng=2\">https:\/\/www.umb-carom.org\/CM.aspx?id=344&amp;lng=2<\/a><\/p>\n\n\n\n<p>Les matchs seront \u00e0 suivre sur le site 5&amp;6 :<\/p>\n\n\n\n<p><a rel=\"noreferrer noopener\" href=\"http:\/\/umb.cuesco.net\/?fbclid=IwAR0mgz6iu5q8TKXF3rjvP37dz2-RBmfJYKdOp4dp_t0l2PvqB728ROKC-UM\" target=\"_blank\">http:\/\/umb.cuesco.net\/<\/a><\/p>\n\n\n\n<figure class=\"wp-block-gallery has-nested-images columns-default is-cropped wp-block-gallery-4 is-layout-flex wp-block-gallery-is-layout-flex\">\n<figure class=\"wp-block-image size-large\"><img loading=\"lazy\" decoding=\"async\" width=\"1024\" height=\"1024\" data-id=\"332\" src=\"http:\/\/besancon-billard.fr\/wp-content\/uploads\/2023\/09\/jb-1024x1024.jpg\" alt=\"\" class=\"wp-image-332\" srcset=\"http:\/\/besancon-billard.fr\/wp-content\/uploads\/2023\/09\/jb-1024x1024.jpg 1024w, http:\/\/besancon-billard.fr\/wp-content\/uploads\/2023\/09\/jb-300x300.jpg 300w, http:\/\/besancon-billard.fr\/wp-content\/uploads\/2023\/09\/jb-150x150.jpg 150w, http:\/\/besancon-billard.fr\/wp-content\/uploads\/2023\/09\/jb-768x768.jpg 768w, http:\/\/besancon-billard.fr\/wp-content\/uploads\/2023\/09\/jb-1536x1536.jpg 1536w, http:\/\/besancon-billard.fr\/wp-content\/uploads\/2023\/09\/jb.jpg 2000w\" sizes=\"auto, (max-width: 1024px) 100vw, 1024px\" \/><\/figure>\n\n\n\n<figure class=\"wp-block-image size-large\"><img loading=\"lazy\" decoding=\"async\" width=\"1024\" height=\"1024\" data-id=\"333\" src=\"http:\/\/besancon-billard.fr\/wp-content\/uploads\/2023\/09\/gm-1024x1024.jpg\" alt=\"\" class=\"wp-image-333\" srcset=\"http:\/\/besancon-billard.fr\/wp-content\/uploads\/2023\/09\/gm-1024x1024.jpg 1024w, http:\/\/besancon-billard.fr\/wp-content\/uploads\/2023\/09\/gm-300x300.jpg 300w, http:\/\/besancon-billard.fr\/wp-content\/uploads\/2023\/09\/gm-150x150.jpg 150w, http:\/\/besancon-billard.fr\/wp-content\/uploads\/2023\/09\/gm-768x768.jpg 768w, http:\/\/besancon-billard.fr\/wp-content\/uploads\/2023\/09\/gm-1536x1536.jpg 1536w, http:\/\/besancon-billard.fr\/wp-content\/uploads\/2023\/09\/gm.jpg 2000w\" sizes=\"auto, (max-width: 1024px) 100vw, 1024px\" \/><\/figure>\n<\/figure>\n\n\n\n<hr class=\"wp-block-separator has-alpha-channel-opacity\"\/>\n\n\n\n<p class=\"has-vivid-cyan-blue-color has-text-color has-medium-font-size\"><strong>16\/04\/2023<\/strong><\/p>\n\n\n\n<p>Pour changer, regardez donc ce magnifique point de 3 bandes r\u00e9alis\u00e9 par le champion espagnol Daniel SANCHEZ !<\/p>\n\n\n\n<figure class=\"wp-block-video\"><video controls src=\"http:\/\/besancon-billard.fr\/wp-content\/uploads\/2023\/04\/Beau-point-Daniel-Sanchez.mp4\"><\/video><\/figure>\n\n\n\n<p>Essayez donc de le r\u00e9aliser au club -)<\/p>\n\n\n\n<hr class=\"wp-block-separator has-alpha-channel-opacity\"\/>\n\n\n\n<p class=\"has-vivid-cyan-blue-color has-text-color has-medium-font-size\"><strong>14\/02\/2023 <\/strong>    <\/p>\n\n\n\n<p>Nous saluons l&rsquo;arriv\u00e9e de deux nouveaux membres dans notre club ! Nous souhaitons la bienvenue \u00e0 Bernard FUMEY et Gilbert SALFATI ! <\/p>\n\n\n\n<p>Cela porte \u00e0 18 notre effectif, et ce n&rsquo;est s\u00fbrement pas termin\u00e9.<\/p>\n\n\n\n<hr class=\"wp-block-separator has-alpha-channel-opacity is-style-wide\"\/>\n\n\n\n<p class=\"has-vivid-cyan-blue-color has-text-color has-medium-font-size\"><strong>28\/01\/2023<\/strong><\/p>\n\n\n\n<p>Bonjour \u00e0 tous,<\/p>\n\n\n\n<p>En ce d\u00e9but d&rsquo;ann\u00e9e, nous avons eu l&rsquo;id\u00e9e d&rsquo;organiser un tournoi interne de partie libre (qui sera bient\u00f4t suivi d&rsquo;un tournoi de 3 bandes), en m\u00e9moire de notre regrett\u00e9 coll\u00e8gue et ami <em>Louis DROMARD<\/em>, d\u00e9c\u00e9d\u00e9 le 2 d\u00e9cembre 2022 d&rsquo;une longue maladie, qu&rsquo;il a combattue avec un courage et une dignit\u00e9 exemplaires.  <\/p>\n\n\n<div class=\"wp-block-image is-style-rounded\">\n<figure class=\"aligncenter size-full is-resized\"><img loading=\"lazy\" decoding=\"async\" width=\"768\" height=\"1024\" src=\"http:\/\/besancon-billard.fr\/wp-content\/uploads\/2023\/02\/louis-dromard.jpg\" alt=\"\" class=\"wp-image-266\" style=\"width:365px;height:487px\" srcset=\"http:\/\/besancon-billard.fr\/wp-content\/uploads\/2023\/02\/louis-dromard.jpg 768w, http:\/\/besancon-billard.fr\/wp-content\/uploads\/2023\/02\/louis-dromard-225x300.jpg 225w\" sizes=\"auto, (max-width: 768px) 100vw, 768px\" \/><\/figure>\n<\/div>\n\n\n<p>Ce <em>tournoi \u00ab\u00a0Louis DROMARD\u00a0\u00bb<\/em>, organis\u00e9 par <em>Pascal SCHREPF<\/em> et <em>Yannick CL\u00c9MENT<\/em>, a \u00e9t\u00e9 remport\u00e9 par <em>Daniel PARATTE<\/em>, au terme d&rsquo;une finale tr\u00e8s disput\u00e9e avec <em>Michel MICHOT<\/em>. Toutes nos f\u00e9licitations, ainsi qu&rsquo;\u00e0 tous les joueurs, qui ont toujours fait preuve de sportivit\u00e9 et de bon esprit. Voici quelques photos.<\/p>\n\n\n\n<figure class=\"wp-block-gallery has-nested-images columns-default is-cropped wp-block-gallery-5 is-layout-flex wp-block-gallery-is-layout-flex\">\n<figure class=\"wp-block-image size-large\"><img loading=\"lazy\" decoding=\"async\" width=\"1024\" height=\"768\" data-id=\"259\" src=\"http:\/\/besancon-billard.fr\/wp-content\/uploads\/2023\/01\/03-1024x768.jpg\" alt=\"\" class=\"wp-image-259\" srcset=\"http:\/\/besancon-billard.fr\/wp-content\/uploads\/2023\/01\/03-1024x768.jpg 1024w, http:\/\/besancon-billard.fr\/wp-content\/uploads\/2023\/01\/03-300x225.jpg 300w, http:\/\/besancon-billard.fr\/wp-content\/uploads\/2023\/01\/03-768x576.jpg 768w, http:\/\/besancon-billard.fr\/wp-content\/uploads\/2023\/01\/03-1536x1152.jpg 1536w, http:\/\/besancon-billard.fr\/wp-content\/uploads\/2023\/01\/03-2048x1536.jpg 2048w\" sizes=\"auto, (max-width: 1024px) 100vw, 1024px\" \/><\/figure>\n\n\n\n<figure class=\"wp-block-image size-large\"><img loading=\"lazy\" decoding=\"async\" width=\"1024\" height=\"768\" data-id=\"260\" src=\"http:\/\/besancon-billard.fr\/wp-content\/uploads\/2023\/01\/11-1024x768.jpg\" alt=\"\" class=\"wp-image-260\" srcset=\"http:\/\/besancon-billard.fr\/wp-content\/uploads\/2023\/01\/11-1024x768.jpg 1024w, http:\/\/besancon-billard.fr\/wp-content\/uploads\/2023\/01\/11-300x225.jpg 300w, http:\/\/besancon-billard.fr\/wp-content\/uploads\/2023\/01\/11-768x576.jpg 768w, http:\/\/besancon-billard.fr\/wp-content\/uploads\/2023\/01\/11-1536x1152.jpg 1536w, http:\/\/besancon-billard.fr\/wp-content\/uploads\/2023\/01\/11-2048x1536.jpg 2048w\" sizes=\"auto, (max-width: 1024px) 100vw, 1024px\" \/><\/figure>\n\n\n\n<figure class=\"wp-block-image size-large\"><img loading=\"lazy\" decoding=\"async\" width=\"768\" height=\"1024\" data-id=\"262\" src=\"http:\/\/besancon-billard.fr\/wp-content\/uploads\/2023\/01\/21-768x1024.jpg\" alt=\"\" class=\"wp-image-262\" srcset=\"http:\/\/besancon-billard.fr\/wp-content\/uploads\/2023\/01\/21-768x1024.jpg 768w, http:\/\/besancon-billard.fr\/wp-content\/uploads\/2023\/01\/21-225x300.jpg 225w, http:\/\/besancon-billard.fr\/wp-content\/uploads\/2023\/01\/21-1152x1536.jpg 1152w, http:\/\/besancon-billard.fr\/wp-content\/uploads\/2023\/01\/21-1536x2048.jpg 1536w, http:\/\/besancon-billard.fr\/wp-content\/uploads\/2023\/01\/21-scaled.jpg 1920w\" sizes=\"auto, (max-width: 768px) 100vw, 768px\" \/><\/figure>\n\n\n\n<figure class=\"wp-block-image size-large\"><img loading=\"lazy\" decoding=\"async\" width=\"768\" height=\"1024\" data-id=\"261\" src=\"http:\/\/besancon-billard.fr\/wp-content\/uploads\/2023\/01\/31-768x1024.jpg\" alt=\"\" class=\"wp-image-261\" srcset=\"http:\/\/besancon-billard.fr\/wp-content\/uploads\/2023\/01\/31-768x1024.jpg 768w, http:\/\/besancon-billard.fr\/wp-content\/uploads\/2023\/01\/31-225x300.jpg 225w, http:\/\/besancon-billard.fr\/wp-content\/uploads\/2023\/01\/31-1152x1536.jpg 1152w, http:\/\/besancon-billard.fr\/wp-content\/uploads\/2023\/01\/31-1536x2048.jpg 1536w, http:\/\/besancon-billard.fr\/wp-content\/uploads\/2023\/01\/31-scaled.jpg 1920w\" sizes=\"auto, (max-width: 768px) 100vw, 768px\" \/><\/figure>\n<\/figure>\n\n\n\n<p><\/p>\n\n\n\n<hr class=\"wp-block-separator has-alpha-channel-opacity is-style-wide\"\/>\n\n\n\n<p class=\"has-vivid-cyan-blue-color has-text-color has-medium-font-size\"><strong>01\/01\/2023<\/strong><\/p>\n\n\n\n<p>Bonjour \u00e0 tous, <\/p>\n\n\n\n<p>Le club de billard de Besan\u00e7on vous souhaite \u00e0 tous et toutes une tr\u00e8s bonne ann\u00e9e 2023 : sant\u00e9, bonheur et r\u00e9ussite dans tous vos projets ! A bient\u00f4t au club !<\/p>\n\n\n\n<p><\/p>\n\n\n<div class=\"wp-block-image\">\n<figure class=\"aligncenter size-full\"><img loading=\"lazy\" decoding=\"async\" width=\"350\" height=\"293\" src=\"http:\/\/besancon-billard.fr\/wp-content\/uploads\/2023\/01\/ba2023.jpg\" alt=\"\" class=\"wp-image-255\" srcset=\"http:\/\/besancon-billard.fr\/wp-content\/uploads\/2023\/01\/ba2023.jpg 350w, http:\/\/besancon-billard.fr\/wp-content\/uploads\/2023\/01\/ba2023-300x251.jpg 300w\" sizes=\"auto, (max-width: 350px) 100vw, 350px\" \/><\/figure>\n<\/div>\n\n\n<hr class=\"wp-block-separator has-alpha-channel-opacity is-style-wide\"\/>\n\n\n\n<p class=\"has-vivid-cyan-blue-color has-text-color has-medium-font-size\"><strong>01\/11\/2022<\/strong><\/p>\n\n\n\n<p>Bonjour \u00e0 tous, <\/p>\n\n\n\n<p>Nous avons le plaisir de d\u00e9couvrir ce matin un article sympathique dans le journal l&rsquo;Est R\u00e9publicain, mettant bien en valeur les atouts de notre sport. Le voici ! Bonne lecture, et bonne journ\u00e9e.<br>(ci-dessous, l&rsquo;article seul, puis l&rsquo;article int\u00e9gr\u00e9 dans la double-page du journal)<\/p>\n\n\n\n<figure class=\"wp-block-image size-full\"><img loading=\"lazy\" decoding=\"async\" width=\"623\" height=\"766\" src=\"http:\/\/besancon-billard.fr\/wp-content\/uploads\/2022\/11\/Article-ER-01-11-2022-1.jpg\" alt=\"\" class=\"wp-image-249\" srcset=\"http:\/\/besancon-billard.fr\/wp-content\/uploads\/2022\/11\/Article-ER-01-11-2022-1.jpg 623w, http:\/\/besancon-billard.fr\/wp-content\/uploads\/2022\/11\/Article-ER-01-11-2022-1-244x300.jpg 244w\" sizes=\"auto, (max-width: 623px) 100vw, 623px\" \/><\/figure>\n\n\n\n<figure class=\"wp-block-image size-large\"><img loading=\"lazy\" decoding=\"async\" width=\"1024\" height=\"749\" src=\"http:\/\/besancon-billard.fr\/wp-content\/uploads\/2022\/11\/Double-page-ER-01-11-2022-1024x749.jpg\" alt=\"\" class=\"wp-image-250\" srcset=\"http:\/\/besancon-billard.fr\/wp-content\/uploads\/2022\/11\/Double-page-ER-01-11-2022-1024x749.jpg 1024w, http:\/\/besancon-billard.fr\/wp-content\/uploads\/2022\/11\/Double-page-ER-01-11-2022-300x219.jpg 300w, http:\/\/besancon-billard.fr\/wp-content\/uploads\/2022\/11\/Double-page-ER-01-11-2022-768x562.jpg 768w, http:\/\/besancon-billard.fr\/wp-content\/uploads\/2022\/11\/Double-page-ER-01-11-2022.jpg 1344w\" sizes=\"auto, (max-width: 1024px) 100vw, 1024px\" \/><\/figure>\n\n\n\n<div class=\"wp-block-file\"><a href=\"blob:http:\/\/besancon-billard.fr\/8da2a670-89f6-4187-9bdb-f3e9e2d412b3\" class=\"wp-block-file__button wp-element-button\" download>T\u00e9l\u00e9charger<\/a><\/div>\n\n\n\n<p><\/p>\n\n\n\n<hr class=\"wp-block-separator has-alpha-channel-opacity is-style-wide\"\/>\n\n\n\n<p class=\"has-vivid-cyan-blue-color has-text-color has-medium-font-size\"><strong>20\/09\/2022<\/strong><\/p>\n\n\n\n<p>Nous voici tous revenus de vacances, et le club a repris son activit\u00e9 !<\/p>\n\n\n\n<p>Nous avons m\u00eame d\u00e9j\u00e0 organis\u00e9 deux comp\u00e9titions en cat\u00e9gorie Partie Libre R\u00e9gionale 3, et Partie \u00e0 1 bande R\u00e9gionale 1, dont vous trouverez les r\u00e9sultats dans l&rsquo;option de menu \u00ab\u00a0Comp\u00e9titions\u00a0\u00bb. Notre Assembl\u00e9e G\u00e9n\u00e9rale du 1er septembre a r\u00e9uni quasiment tous nos membres (14 sur 16) et nous avons plein de projets en t\u00eate : tournoi interne, portes ouvertes, formations &#8230;<\/p>\n\n\n\n<p>Venez nous voir !<\/p>\n\n\n\n<p><\/p>\n\n\n\n<hr class=\"wp-block-separator has-alpha-channel-opacity is-style-wide\"\/>\n\n\n\n<p class=\"has-vivid-cyan-blue-color has-text-color has-medium-font-size\"><strong>15\/06\/2022<\/strong><\/p>\n\n\n\n<p>Bonjour \u00e0 toutes et \u00e0 tous.<\/p>\n\n\n\n<p>Deux informations importantes :<\/p>\n\n\n\n<ol class=\"wp-block-list\">\n<li><strong><em>Le club sera ferm\u00e9 pendant la p\u00e9riode juillet-ao\u00fbt 2022<\/em><\/strong>. Cependant, si vous d\u00e9sirez jouer ou faire connaissance avec les lieux, vous pouvez toujours contacter un des num\u00e9ros suivants, ces membres vous r\u00e9pondront avec grand plaisir et pourront prendre rendez-vous avec vous pour une visite du club :<br>Jean-Pierre MASSARDIER (Pr\u00e9sident) : 06 71 59 37 34<br>Pascal SCHREPF (Secr\u00e9taire) : 06 72 87 61 94<br>Jacques VIEILLESCAZE (Tr\u00e9sorier) : 06 43 78 25 35<\/li>\n\n\n\n<li><strong><em>Nous sommes tr\u00e8s fiers d&rsquo;annoncer l&rsquo;achat d&rsquo;un 3\u00e8me billard de 2,80m<\/em><\/strong>, cela nous fait donc 5 tables avec le 3,10m et le billard d&rsquo;initiation (2,60m). Notre salle a maintenant fi\u00e8re allure ! Vous pouvez voir ci-dessous les photos, dont celles de l&rsquo;installation de ce nouveau billard.<\/li>\n<\/ol>\n\n\n\n<figure class=\"wp-block-gallery has-nested-images columns-default is-cropped wp-block-gallery-6 is-layout-flex wp-block-gallery-is-layout-flex\">\n<figure class=\"wp-block-image size-large\"><img loading=\"lazy\" decoding=\"async\" width=\"600\" height=\"800\" data-id=\"212\" src=\"http:\/\/besancon-billard.fr\/wp-content\/uploads\/2022\/06\/IMG_00141_20220609_183443.jpg\" alt=\"\" class=\"wp-image-212\" srcset=\"http:\/\/besancon-billard.fr\/wp-content\/uploads\/2022\/06\/IMG_00141_20220609_183443.jpg 600w, http:\/\/besancon-billard.fr\/wp-content\/uploads\/2022\/06\/IMG_00141_20220609_183443-225x300.jpg 225w\" sizes=\"auto, (max-width: 600px) 100vw, 600px\" \/><\/figure>\n\n\n\n<figure class=\"wp-block-image size-large\"><img loading=\"lazy\" decoding=\"async\" width=\"600\" height=\"800\" data-id=\"213\" src=\"http:\/\/besancon-billard.fr\/wp-content\/uploads\/2022\/06\/IMG_00171_20220609_183443.jpg\" alt=\"\" class=\"wp-image-213\" srcset=\"http:\/\/besancon-billard.fr\/wp-content\/uploads\/2022\/06\/IMG_00171_20220609_183443.jpg 600w, http:\/\/besancon-billard.fr\/wp-content\/uploads\/2022\/06\/IMG_00171_20220609_183443-225x300.jpg 225w\" sizes=\"auto, (max-width: 600px) 100vw, 600px\" \/><\/figure>\n\n\n\n<figure class=\"wp-block-image size-large\"><img loading=\"lazy\" decoding=\"async\" width=\"600\" height=\"800\" data-id=\"214\" src=\"http:\/\/besancon-billard.fr\/wp-content\/uploads\/2022\/06\/IMG_00191_20220609_183443.jpg\" alt=\"\" class=\"wp-image-214\" srcset=\"http:\/\/besancon-billard.fr\/wp-content\/uploads\/2022\/06\/IMG_00191_20220609_183443.jpg 600w, http:\/\/besancon-billard.fr\/wp-content\/uploads\/2022\/06\/IMG_00191_20220609_183443-225x300.jpg 225w\" sizes=\"auto, (max-width: 600px) 100vw, 600px\" \/><\/figure>\n\n\n\n<figure class=\"wp-block-image size-large\"><img loading=\"lazy\" decoding=\"async\" width=\"800\" height=\"600\" data-id=\"217\" src=\"http:\/\/besancon-billard.fr\/wp-content\/uploads\/2022\/06\/IMG_01831_20220609_183600.jpg\" alt=\"\" class=\"wp-image-217\" srcset=\"http:\/\/besancon-billard.fr\/wp-content\/uploads\/2022\/06\/IMG_01831_20220609_183600.jpg 800w, http:\/\/besancon-billard.fr\/wp-content\/uploads\/2022\/06\/IMG_01831_20220609_183600-300x225.jpg 300w, http:\/\/besancon-billard.fr\/wp-content\/uploads\/2022\/06\/IMG_01831_20220609_183600-768x576.jpg 768w\" sizes=\"auto, (max-width: 800px) 100vw, 800px\" \/><\/figure>\n\n\n\n<figure class=\"wp-block-image size-large\"><img loading=\"lazy\" decoding=\"async\" width=\"800\" height=\"600\" data-id=\"216\" src=\"http:\/\/besancon-billard.fr\/wp-content\/uploads\/2022\/06\/IMG_01841_20220609_183600.jpg\" alt=\"\" class=\"wp-image-216\" srcset=\"http:\/\/besancon-billard.fr\/wp-content\/uploads\/2022\/06\/IMG_01841_20220609_183600.jpg 800w, http:\/\/besancon-billard.fr\/wp-content\/uploads\/2022\/06\/IMG_01841_20220609_183600-300x225.jpg 300w, http:\/\/besancon-billard.fr\/wp-content\/uploads\/2022\/06\/IMG_01841_20220609_183600-768x576.jpg 768w\" sizes=\"auto, (max-width: 800px) 100vw, 800px\" \/><\/figure>\n\n\n\n<figure class=\"wp-block-image size-large\"><img loading=\"lazy\" decoding=\"async\" width=\"600\" height=\"800\" data-id=\"215\" src=\"http:\/\/besancon-billard.fr\/wp-content\/uploads\/2022\/06\/IMG_00101_20220609_183443.jpg\" alt=\"\" class=\"wp-image-215\" srcset=\"http:\/\/besancon-billard.fr\/wp-content\/uploads\/2022\/06\/IMG_00101_20220609_183443.jpg 600w, http:\/\/besancon-billard.fr\/wp-content\/uploads\/2022\/06\/IMG_00101_20220609_183443-225x300.jpg 225w\" sizes=\"auto, (max-width: 600px) 100vw, 600px\" \/><\/figure>\n\n\n\n<figure class=\"wp-block-image size-large\"><img loading=\"lazy\" decoding=\"async\" width=\"800\" height=\"600\" data-id=\"218\" src=\"http:\/\/besancon-billard.fr\/wp-content\/uploads\/2022\/06\/IMG_01851_20220609_183600.jpg\" alt=\"\" class=\"wp-image-218\" srcset=\"http:\/\/besancon-billard.fr\/wp-content\/uploads\/2022\/06\/IMG_01851_20220609_183600.jpg 800w, http:\/\/besancon-billard.fr\/wp-content\/uploads\/2022\/06\/IMG_01851_20220609_183600-300x225.jpg 300w, http:\/\/besancon-billard.fr\/wp-content\/uploads\/2022\/06\/IMG_01851_20220609_183600-768x576.jpg 768w\" sizes=\"auto, (max-width: 800px) 100vw, 800px\" \/><\/figure>\n\n\n\n<figure class=\"wp-block-image size-large\"><img loading=\"lazy\" decoding=\"async\" width=\"800\" height=\"600\" data-id=\"219\" src=\"http:\/\/besancon-billard.fr\/wp-content\/uploads\/2022\/06\/IMG_01861_20220609_183600.jpg\" alt=\"\" class=\"wp-image-219\" srcset=\"http:\/\/besancon-billard.fr\/wp-content\/uploads\/2022\/06\/IMG_01861_20220609_183600.jpg 800w, http:\/\/besancon-billard.fr\/wp-content\/uploads\/2022\/06\/IMG_01861_20220609_183600-300x225.jpg 300w, http:\/\/besancon-billard.fr\/wp-content\/uploads\/2022\/06\/IMG_01861_20220609_183600-768x576.jpg 768w\" sizes=\"auto, (max-width: 800px) 100vw, 800px\" \/><\/figure>\n<\/figure>\n\n\n\n<p>Bonnes vacances d&rsquo;\u00e9t\u00e9 \u00e0 toutes et \u00e0 tous, et au plaisir de vous voir en septembre !<\/p>\n\n\n\n<hr class=\"wp-block-separator has-alpha-channel-opacity is-style-wide\"\/>\n\n\n\n<p class=\"has-vivid-cyan-blue-color has-text-color has-medium-font-size\"><strong>15\/05\/2022<\/strong><\/p>\n\n\n\n<p>F\u00e9licitations \u00e0 notre membre Michel MICHOT qui gagne la Finale de Ligue Bourgogne-Franche-Comt\u00e9 en partie libre cat\u00e9gorie R\u00e9gionale 3 ! <\/p>\n\n\n\n<p>Vous trouverez la feuille de match correspondante dans l&rsquo;onglet \u00ab\u00a0Comp\u00e9titions\u00a0\u00bb.<\/p>\n\n\n\n<hr class=\"wp-block-separator has-alpha-channel-opacity is-style-wide\"\/>\n\n\n\n<p class=\"has-vivid-cyan-blue-color has-text-color has-medium-font-size\"><strong>07\/05\/2022<\/strong><\/p>\n\n\n\n<p>Bonjour \u00e0 toutes et \u00e0 tous,<\/p>\n\n\n\n<p>Nous vous informons du d\u00e9roulement le <strong><em>dimanche 15 mai 2022 \u00e0 Besan\u00e7on de la finale de ligue Bourgogne-Franche-Comt\u00e9 de jeu en partie libre cat\u00e9gorie R\u00e9gionale 3<\/em><\/strong>, dans laquelle notre membre Michel Michot est qualifi\u00e9 apr\u00e8s ses victoires en tours qualificatifs. Nous travaillons \u00e0 l\u2019organisation de cette belle journ\u00e9e, et vous invitons d\u00e9j\u00e0 \u00e0 venir applaudir les champions.<\/p>\n\n\n\n<hr class=\"wp-block-separator has-alpha-channel-opacity is-style-wide\"\/>\n\n\n\n<p class=\"has-vivid-cyan-blue-color has-text-color has-medium-font-size\"><strong>03\/04\/2022<\/strong><\/p>\n\n\n\n<p>Tr\u00e8s sympathique comp\u00e9tition de billard carambole ce jour comme pr\u00e9vu et comme annonc\u00e9 dans nos colonnes, qui se termine par la victoire de notre ami Farid Denche du Billard Club d&rsquo;Audincourt (2\u00e8me : Pascal Schrepf de Besan\u00e7on, 3\u00e8me Roger Alloncle d&rsquo;Auxerre et 4\u00e8me Hubert Mathez de Lons). Farid est qualifi\u00e9 pour la Finale de France, bravo \u00e0 lui !<\/p>\n\n\n\n<figure class=\"wp-block-gallery has-nested-images columns-default is-cropped wp-block-gallery-7 is-layout-flex wp-block-gallery-is-layout-flex\">\n<figure class=\"wp-block-image size-large\"><img loading=\"lazy\" decoding=\"async\" width=\"800\" height=\"600\" data-id=\"187\" src=\"http:\/\/besancon-billard.fr\/wp-content\/uploads\/2022\/04\/Farid-vainqueur-01.jpg\" alt=\"\" class=\"wp-image-187\" srcset=\"http:\/\/besancon-billard.fr\/wp-content\/uploads\/2022\/04\/Farid-vainqueur-01.jpg 800w, http:\/\/besancon-billard.fr\/wp-content\/uploads\/2022\/04\/Farid-vainqueur-01-300x225.jpg 300w, http:\/\/besancon-billard.fr\/wp-content\/uploads\/2022\/04\/Farid-vainqueur-01-768x576.jpg 768w\" sizes=\"auto, (max-width: 800px) 100vw, 800px\" \/><\/figure>\n\n\n\n<figure class=\"wp-block-image size-large\"><img loading=\"lazy\" decoding=\"async\" width=\"1024\" height=\"768\" data-id=\"189\" src=\"http:\/\/besancon-billard.fr\/wp-content\/uploads\/2022\/04\/Avec-les-arbitres-1024x768.jpg\" alt=\"\" class=\"wp-image-189\" srcset=\"http:\/\/besancon-billard.fr\/wp-content\/uploads\/2022\/04\/Avec-les-arbitres-1024x768.jpg 1024w, http:\/\/besancon-billard.fr\/wp-content\/uploads\/2022\/04\/Avec-les-arbitres-300x225.jpg 300w, http:\/\/besancon-billard.fr\/wp-content\/uploads\/2022\/04\/Avec-les-arbitres-768x576.jpg 768w, http:\/\/besancon-billard.fr\/wp-content\/uploads\/2022\/04\/Avec-les-arbitres-1536x1152.jpg 1536w, http:\/\/besancon-billard.fr\/wp-content\/uploads\/2022\/04\/Avec-les-arbitres.jpg 1600w\" sizes=\"auto, (max-width: 1024px) 100vw, 1024px\" \/><\/figure>\n\n\n\n<figure class=\"wp-block-image size-large\"><img loading=\"lazy\" decoding=\"async\" width=\"1024\" height=\"768\" data-id=\"191\" src=\"http:\/\/besancon-billard.fr\/wp-content\/uploads\/2022\/04\/Hubert-Farid-Roger-Pascal-1024x768.jpg\" alt=\"\" class=\"wp-image-191\" srcset=\"http:\/\/besancon-billard.fr\/wp-content\/uploads\/2022\/04\/Hubert-Farid-Roger-Pascal-1024x768.jpg 1024w, http:\/\/besancon-billard.fr\/wp-content\/uploads\/2022\/04\/Hubert-Farid-Roger-Pascal-300x225.jpg 300w, http:\/\/besancon-billard.fr\/wp-content\/uploads\/2022\/04\/Hubert-Farid-Roger-Pascal-768x576.jpg 768w, http:\/\/besancon-billard.fr\/wp-content\/uploads\/2022\/04\/Hubert-Farid-Roger-Pascal-1536x1152.jpg 1536w, http:\/\/besancon-billard.fr\/wp-content\/uploads\/2022\/04\/Hubert-Farid-Roger-Pascal.jpg 1600w\" sizes=\"auto, (max-width: 1024px) 100vw, 1024px\" \/><\/figure>\n\n\n\n<figure class=\"wp-block-image size-large\"><img loading=\"lazy\" decoding=\"async\" width=\"1024\" height=\"768\" data-id=\"188\" src=\"http:\/\/besancon-billard.fr\/wp-content\/uploads\/2022\/04\/Farid-vainqueur-02-1024x768.jpg\" alt=\"\" class=\"wp-image-188\" srcset=\"http:\/\/besancon-billard.fr\/wp-content\/uploads\/2022\/04\/Farid-vainqueur-02-1024x768.jpg 1024w, http:\/\/besancon-billard.fr\/wp-content\/uploads\/2022\/04\/Farid-vainqueur-02-300x225.jpg 300w, http:\/\/besancon-billard.fr\/wp-content\/uploads\/2022\/04\/Farid-vainqueur-02-768x576.jpg 768w, http:\/\/besancon-billard.fr\/wp-content\/uploads\/2022\/04\/Farid-vainqueur-02-1536x1152.jpg 1536w, http:\/\/besancon-billard.fr\/wp-content\/uploads\/2022\/04\/Farid-vainqueur-02.jpg 1600w\" sizes=\"auto, (max-width: 1024px) 100vw, 1024px\" \/><\/figure>\n\n\n\n<figure class=\"wp-block-image size-large\"><img loading=\"lazy\" decoding=\"async\" width=\"1024\" height=\"768\" data-id=\"190\" src=\"http:\/\/besancon-billard.fr\/wp-content\/uploads\/2022\/04\/Competition-04-1024x768.jpg\" alt=\"\" class=\"wp-image-190\" srcset=\"http:\/\/besancon-billard.fr\/wp-content\/uploads\/2022\/04\/Competition-04-1024x768.jpg 1024w, http:\/\/besancon-billard.fr\/wp-content\/uploads\/2022\/04\/Competition-04-300x225.jpg 300w, http:\/\/besancon-billard.fr\/wp-content\/uploads\/2022\/04\/Competition-04-768x576.jpg 768w, http:\/\/besancon-billard.fr\/wp-content\/uploads\/2022\/04\/Competition-04-1536x1152.jpg 1536w, http:\/\/besancon-billard.fr\/wp-content\/uploads\/2022\/04\/Competition-04.jpg 1600w\" sizes=\"auto, (max-width: 1024px) 100vw, 1024px\" \/><\/figure>\n\n\n\n<figure class=\"wp-block-image size-large\"><img loading=\"lazy\" decoding=\"async\" width=\"1024\" height=\"768\" data-id=\"192\" src=\"http:\/\/besancon-billard.fr\/wp-content\/uploads\/2022\/04\/Hubert-01-1024x768.jpg\" alt=\"\" class=\"wp-image-192\" srcset=\"http:\/\/besancon-billard.fr\/wp-content\/uploads\/2022\/04\/Hubert-01-1024x768.jpg 1024w, http:\/\/besancon-billard.fr\/wp-content\/uploads\/2022\/04\/Hubert-01-300x225.jpg 300w, http:\/\/besancon-billard.fr\/wp-content\/uploads\/2022\/04\/Hubert-01-768x576.jpg 768w, http:\/\/besancon-billard.fr\/wp-content\/uploads\/2022\/04\/Hubert-01-1536x1152.jpg 1536w, http:\/\/besancon-billard.fr\/wp-content\/uploads\/2022\/04\/Hubert-01.jpg 1600w\" sizes=\"auto, (max-width: 1024px) 100vw, 1024px\" \/><\/figure>\n<\/figure>\n\n\n\n<hr class=\"wp-block-separator has-alpha-channel-opacity is-style-wide\"\/>\n\n\n\n<p class=\"has-vivid-cyan-blue-color has-text-color has-medium-font-size\"><strong>20\/03\/2022<\/strong><\/p>\n\n\n\n<p>Bonjour \u00e0 toutes et \u00e0 tous,<\/p>\n\n\n\n<p>Encore deux nouveaux membres ce mois-ci, une dame et son fils, inscriptions qui portent \u00e0 18 notre effectif. Partis de 12 en d\u00e9but de saison, nous enregistrons donc une progression de 50%, qui dit mieux ? \ud83d\ude09<\/p>\n\n\n\n<p>Nous envisageons m\u00eame l&rsquo;achat d&rsquo;une nouvelle table de billard de 2,80m, car le mardi et le jeudi sont jours d&rsquo;affluence.<\/p>\n\n\n\n<p class=\"has-black-color has-text-color\">Et sinon, nous vous informons du d\u00e9roulement le <strong><em>dimanche 3 avril 2022 \u00e0 Besan\u00e7on de la finale de ligue Bourgogne-Franche-Comt\u00e9 de jeu en une bande cat\u00e9gorie Nationale 3<\/em><\/strong>, dans laquelle notre membre Pascal Schrepf est qualifi\u00e9 apr\u00e8s sa victoire magnifique en finale de district avec une moyenne de 2.92 et une partie \u00e0 5,33. Nous travaillons \u00e0 l&rsquo;organisation de cette belle journ\u00e9e, et vous invitons d\u00e9j\u00e0 \u00e0 venir applaudir les champions.<\/p>\n\n\n\n<hr class=\"wp-block-separator has-alpha-channel-opacity is-style-wide\"\/>\n\n\n\n<h2 class=\"wp-block-heading has-vivid-cyan-blue-color has-text-color has-medium-font-size\"><strong>01\/01\/2022<\/strong><\/h2>\n\n\n\n<p>Bonjour \u00e0 toutes et \u00e0 tous,<\/p>\n\n\n\n<p>Le club de billard vous pr\u00e9sente ses meilleurs v\u0153ux pour 2022 !<\/p>\n\n\n\n<p>Chacun sait ce que l&rsquo;on d\u00e9sire souhaiter le plus au monde, que nous r\u00e9sumerons sous le terme de \u00ab\u00a0ann\u00e9e tranquille\u00a0\u00bb ! Que l&rsquo;immunit\u00e9 collective arrive enfin et que nous puissions profiter de la vie sans arri\u00e8re-pens\u00e9e !<\/p>\n\n\n\n<p>Tr\u00e8s bon d\u00e9but d&rsquo;ann\u00e9e \u00e0 toutes et \u00e0 tous, et \u00e0 bient\u00f4t au club !<\/p>\n\n\n<div class=\"wp-block-image\">\n<figure class=\"aligncenter size-full is-resized\"><img loading=\"lazy\" decoding=\"async\" width=\"960\" height=\"529\" src=\"http:\/\/besancon-billard.fr\/wp-content\/uploads\/2022\/01\/ba2022.jpg\" alt=\"\" class=\"wp-image-152\" style=\"width:343px;height:188px\" srcset=\"http:\/\/besancon-billard.fr\/wp-content\/uploads\/2022\/01\/ba2022.jpg 960w, http:\/\/besancon-billard.fr\/wp-content\/uploads\/2022\/01\/ba2022-300x165.jpg 300w, http:\/\/besancon-billard.fr\/wp-content\/uploads\/2022\/01\/ba2022-768x423.jpg 768w\" sizes=\"auto, (max-width: 960px) 100vw, 960px\" \/><\/figure>\n<\/div>\n\n\n<hr class=\"wp-block-separator has-alpha-channel-opacity is-style-wide\"\/>\n\n\n\n<h2 class=\"wp-block-heading has-vivid-cyan-blue-color has-text-color has-medium-font-size\"><strong>02\/12\/2021<\/strong><\/h2>\n\n\n\n<p>Bonjour,<\/p>\n\n\n\n<p>Le club va bien ! Deux membres nous ont rejoints pour la saison 2020-2021, dont un monsieur qui vient avec sa fille de 10 ans. Tous les deux s&rsquo;int\u00e9ressent au billard fran\u00e7ais et b\u00e9n\u00e9ficient, ainsi que deux autres membres, de la formation dispens\u00e9e par Pascal Schrepf le jeudi soir. <\/p>\n\n\n\n<p>Encore des comp\u00e9titions pr\u00e9vues aux dates suivantes, venez applaudir nos champions au 7 rue de Tr\u00e9pillot &#8211; Besan\u00e7on !<\/p>\n\n\n\n<figure class=\"wp-block-table\"><table class=\"has-pale-ocean-gradient-background has-background\"><tbody><tr><td><strong>Dates<\/strong><\/td><td><strong>Comp\u00e9titions<\/strong><\/td><\/tr><tr><td>Samedi 4 d\u00e9cembre 2021 &#8211; 9 heures<\/td><td>Tournoi 1 bande cat\u00e9gorie National 3<\/td><\/tr><tr><td>Samedi 11 d\u00e9cembre 2021 &#8211; 9 heures<\/td><td>Tournoi 3 bandes cat\u00e9gorie National 2<\/td><\/tr><tr><td>Dimanche 19 d\u00e9cembre 2021 &#8211; 9 heures<\/td><td>Demi-finale partie libre cat\u00e9gorie R\u00e9gional 3<\/td><\/tr><\/tbody><\/table><\/figure>\n\n\n\n<hr class=\"wp-block-separator has-alpha-channel-opacity is-style-wide\"\/>\n\n\n\n<h2 class=\"wp-block-heading has-vivid-cyan-blue-color has-text-color has-medium-font-size\"><strong>30\/10\/2021<\/strong><\/h2>\n\n\n\n<p class=\"has-normal-font-size\">Bonjour !<\/p>\n\n\n\n<p class=\"has-normal-font-size\">Samedi 6 novembre, de 9 heures \u00e0 midi, se d\u00e9roulera dans nos locaux (7 rue Albert Thomas &#8211; Besan\u00e7on), une comp\u00e9tition de haut niveau, au billard carambole sp\u00e9cialit\u00e9 1 bande, cat\u00e9gorie National 3.<\/p>\n\n\n\n<p class=\"has-normal-font-size\">Venez applaudir nos champions, Pascal Faivre de Vesoul, Pascal Schrepf de Besan\u00e7on, et Jean-Pierre Massardier de Besan\u00e7on.<\/p>\n\n\n\n<p class=\"has-normal-font-size\">Rappel : dans la sp\u00e9cialit\u00e9 1 bande, la bille du joueur doit toucher une bande avant de caramboler la troisi\u00e8me bille, ce qui ajoute de la difficult\u00e9 au jeu et le rend plus spectaculaire.<\/p>\n\n\n\n<p class=\"has-normal-font-size\">Merci par avance de votre pr\u00e9sence !<br><\/p>\n\n\n\n<hr class=\"wp-block-separator has-alpha-channel-opacity is-style-wide\"\/>\n\n\n\n<h2 class=\"wp-block-heading has-vivid-cyan-blue-color has-text-color has-medium-font-size\"><strong>09\/10\/2021<\/strong><\/h2>\n\n\n\n<p>Bonjour \u00e0 toutes et \u00e0 tous !<br><br>Depuis la r\u00e9ouverture du club en septembre 2021, beaucoup de choses se sont pass\u00e9es !<br><br>&#8211; Trois nouveaux futurs membres sont venus voir ce qui se passait au club. Int\u00e9ress\u00e9s par le billard, ils semblent vouloir venir r\u00e9guli\u00e8rement et nous en sommes tr\u00e8s heureux.<br>&#8211; Notre Assembl\u00e9e G\u00e9n\u00e9rale s&rsquo;est tenue jeudi 30\/09\/2021. Nous avons parl\u00e9 de l&rsquo;avenir du club, le tr\u00e9sorier nous a fait une pr\u00e9sentation de la situation financi\u00e8re (tr\u00e8s saine), et le sujet \u00ab\u00a0marketing et publicit\u00e9\u00a0\u00bb nous a ensuite occup\u00e9s.<br>&#8211; Nous avons fait fabriquer un tampon encreur pour le club, et un panneau indiquant le pr\u00e9sence de notre association dans le b\u00e2timent.<br>&#8211; Nous avons mis en place une \u00e9cole de billard, pour les jeunes le mercredi, et pour les joueurs confirm\u00e9s le jeudi.<br>\u00c7a bouge au club ! Venez voir !<\/p>\n\n\n\n<hr class=\"wp-block-separator has-alpha-channel-opacity is-style-wide\"\/>\n\n\n\n<h2 class=\"wp-block-heading has-vivid-cyan-blue-color has-text-color has-medium-font-size\"><strong>28\/08\/2021<\/strong><\/h2>\n\n\n\n<p>Bonjour \u00e0 toutes et \u00e0 tous !<br><br>La Ville de Besan\u00e7on organise ce samedi 28 ao\u00fbt 2021 une manifestation intitul\u00e9e \u00ab\u00a0Trouve ton sport \u00e0 Besan\u00e7on\u00a0\u00bb, pendant laquelle les clubs sportifs accueilleront le public dans leurs locaux pour des d\u00e9monstrations ou des initiations.<br><br>Notre club participe \u00e9videmment \u00e0 cette journ\u00e9e, n&rsquo;h\u00e9sitez pas \u00e0 passer nous voir entre 10 heures et 18 heures !<br><br>Amiti\u00e9s sportives \u00e0 toutes et \u00e0 tous !<\/p>\n\n\n\n<hr class=\"wp-block-separator has-alpha-channel-opacity is-style-wide\"\/>\n\n\n\n<h2 class=\"wp-block-heading has-vivid-cyan-blue-color has-text-color has-medium-font-size\"><strong>20\/05\/2021<\/strong><\/h2>\n\n\n\n<p>Bonjour \u00e0 toutes et \u00e0 tous !<br><br>Enfin la sortie du tunnel programm\u00e9e au 9 juin 2021 ! Le club sera accessible dans le respect du protocole sanitaire.<br><br>J&rsquo;esp\u00e8re que vous et vos proches sont sortis indemnes de cette (trop) longue p\u00e9riode et que votre moral est au beau fixe (pas comme le temps de ces derniers jours !)<br><br>Par ailleurs, nous vous informons que la Ville de Besan\u00e7on organise, le mercredi 23 juin 2021 apr\u00e8s-midi, une \u00ab\u00a0journ\u00e9e olympique\u00a0\u00bb de pr\u00e9sentation des associations sportives au stade L\u00e9o Lagrange. Nous avons pr\u00e9vu d&rsquo;y participer. Des informations sur cet \u00e9v\u00e9nement vous seront donn\u00e9es ici en temps utile.<br><br>Amiti\u00e9s sportives \u00e0 toutes et \u00e0 tous, et \u00e0 bient\u00f4t, on l&rsquo;esp\u00e8re !<br><br>Le Pr\u00e9sident,<br><br>Jean-Pierre MASSARDIER.<\/p>\n\n\n\n<p><\/p>\n\n\n\n<p><\/p>\n\n\n\n<p><\/p>\n\n\n\n<p><\/p>\n\n\n\n<p><\/p>\n\n\n\n<p><\/p>\n\n\n\n<p><\/p>\n\n\n\n<p><\/p>\n\n\n\n<p><\/p>\n\n\n\n<p><\/p>\n\n\n\n<p><\/p>\n\n\n\n<p><\/p>\n\n\n\n<p><\/p>\n\n\n\n<p><\/p>\n\n\n\n<p><\/p>\n\n\n\n<p><\/p>\n\n\n\n<p><\/p>\n\n\n\n<p><\/p>\n\n\n\n<p><\/p>\n\n\n\n<p><\/p>\n\n\n\n<p><\/p>\n\n\n\n<p><\/p>\n\n\n\n<p><\/p>\n\n\n\n<p><\/p>\n\n\n\n<p><\/p>\n\n\n\n<p><\/p>\n\n\n\n<hr class=\"wp-block-separator has-alpha-channel-opacity\"\/>\n","protected":false},"excerpt":{"rendered":"<p>Derni\u00e8res actualit\u00e9s 28 avril 2026 Nouveaut\u00e9 : une section \u00ab\u00a0vid\u00e9o de beaux points de 3 bandes\u00a0\u00bb dans le menu \u00ab\u00a0Galerie\u00a0\u00bb \ud83d\ude42 Envoyez-nous les v\u00f4tres ! 23 f\u00e9vrier 2026 Le club BESAN\u00c7ON BILLARD a la douleur de vous faire part du d\u00e9c\u00e8s de son Pr\u00e9sident, Jean-Pierre Massardier, hier dimanche 22 f\u00e9vrier 2026, \u00e0 l&rsquo;\u00e2ge de 70Lire la suite &rarr;<\/p>\n","protected":false},"author":1,"featured_media":0,"parent":0,"menu_order":0,"comment_status":"closed","ping_status":"open","template":"","meta":{"footnotes":""},"class_list":["post-2","page","type-page","status-publish","hentry","no-thumb"],"_links":{"self":[{"href":"http:\/\/besancon-billard.fr\/index.php\/wp-json\/wp\/v2\/pages\/2","targetHints":{"allow":["GET"]}}],"collection":[{"href":"http:\/\/besancon-billard.fr\/index.php\/wp-json\/wp\/v2\/pages"}],"about":[{"href":"http:\/\/besancon-billard.fr\/index.php\/wp-json\/wp\/v2\/types\/page"}],"author":[{"embeddable":true,"href":"http:\/\/besancon-billard.fr\/index.php\/wp-json\/wp\/v2\/users\/1"}],"replies":[{"embeddable":true,"href":"http:\/\/besancon-billard.fr\/index.php\/wp-json\/wp\/v2\/comments?post=2"}],"version-history":[{"count":64,"href":"http:\/\/besancon-billard.fr\/index.php\/wp-json\/wp\/v2\/pages\/2\/revisions"}],"predecessor-version":[{"id":507,"href":"http:\/\/besancon-billard.fr\/index.php\/wp-json\/wp\/v2\/pages\/2\/revisions\/507"}],"wp:attachment":[{"href":"http:\/\/besancon-billard.fr\/index.php\/wp-json\/wp\/v2\/media?parent=2"}],"curies":[{"name":"wp","href":"https:\/\/api.w.org\/{rel}","templated":true}]}}